{"id":68627,"date":"2021-01-08T10:56:00","date_gmt":"2021-01-08T13:56:00","guid":{"rendered":"https:\/\/investnews.com.br\/?post_type=acoes&#038;p=68627"},"modified":"2026-04-13T14:55:24","modified_gmt":"2026-04-13T17:55:24","slug":"anima-educacao","status":"publish","type":"acoes","link":"https:\/\/investnews.com.br\/cotacao\/anima-educacao\/","title":{"rendered":"ANIM3 &#8211; \u00c2nima Educa\u00e7\u00e3o"},"content":{"rendered":"\n<p>A <strong>\u00c2nima Educa\u00e7\u00e3o<\/strong> \u00e9 um grupo privado de ensino superior, com uma universidade, sete centros universit\u00e1rios, faculdades e unidades acad\u00eamicas. Em 2020, contava com 140 alunos matriculados. <\/p>\n\n\n\n<h2 class=\"wp-block-heading\">Hist\u00f3ria da \u00c2nima Educa\u00e7\u00e3o<\/h2>\n\n\n\n<p>A empresa ainda controla a plataforma de educa\u00e7\u00e3o para executivos HSM, a HSM University, e a  Escola Brasileira de Direito (Ebradi). Tamb\u00e9m \u00e9 dona do Le Cordon Bleu de S\u00e3o Paulo, filial da escola francesa de artes culin\u00e1ria que se tornou famosa no pa\u00eds gra\u00e7as ao programa de TV Masterchef<\/p>\n\n\n\n<p>O grupo iniciou as atividades em 2003, aqquirindo a Minas Gerais Educa\u00e7\u00e3o. Ao longo de anos, aumentou seu portf\u00f3lio com a aquisi\u00e7\u00e3o de faculdades e centros universit\u00e1rios, com destaque para a compra da Faculdade S\u00e3o Judas, em S\u00e3o Paulo, em 2014. Em 2018, abriu a primeira filial do Le Cordon Bleu no Brasil.<\/p>\n\n\n\n<p>Em 2013, a \u00c2nima lan\u00e7ou a\u00e7\u00f5es na B3. Est\u00e1 listada na B3 com as a\u00e7\u00f5es ordin\u00e1rias ANIM3. <\/p>\n","protected":false},"excerpt":{"rendered":"<p>A \u00c2nima Educa\u00e7\u00e3o \u00e9 um grupo privado de ensino superior, com uma universidade, sete centros universit\u00e1rios, faculdades e unidades acad\u00eamicas. Em 2020, contava com 140 alunos matriculados. Hist\u00f3ria da \u00c2nima Educa\u00e7\u00e3o A empresa ainda controla a plataforma de educa\u00e7\u00e3o para executivos HSM, a HSM University, e a Escola Brasileira de Direito (Ebradi). Tamb\u00e9m \u00e9 dona [&hellip;]<\/p>\n","protected":false},"featured_media":0,"menu_order":0,"template":"","meta":{"_acf_changed":false,"inline_featured_image":false},"class_list":["post-68627","acoes","type-acoes","status-publish","hentry"],"acf":[],"_links":{"self":[{"href":"https:\/\/investnews.com.br\/inv-api\/wp\/v2\/acoes\/68627","targetHints":{"allow":["GET"]}}],"collection":[{"href":"https:\/\/investnews.com.br\/inv-api\/wp\/v2\/acoes"}],"about":[{"href":"https:\/\/investnews.com.br\/inv-api\/wp\/v2\/types\/acoes"}],"wp:attachment":[{"href":"https:\/\/investnews.com.br\/inv-api\/wp\/v2\/media?parent=68627"}],"curies":[{"name":"wp","href":"https:\/\/api.w.org\/{rel}","templated":true}]}}